{"id":2462,"date":"2020-01-20T16:46:20","date_gmt":"2020-01-20T16:46:20","guid":{"rendered":"https:\/\/www.pilafestudio.com\/?page_id=2462"},"modified":"2022-11-17T08:40:24","modified_gmt":"2022-11-17T08:40:24","slug":"politica-de-privacidad","status":"publish","type":"page","link":"https:\/\/www.pilafestudio.com\/val\/politica-de-privacidad\/","title":{"rendered":"Pol\u00edtica de Privacitat"},"content":{"rendered":"<div data-elementor-type=\"wp-page\" data-elementor-id=\"2462\" class=\"elementor elementor-2462\">\n\t\t\t\t\t\t<section class=\"elementor-section elementor-top-section elementor-element elementor-element-74f9dbda elementor-section-boxed elementor-section-height-default elementor-section-height-default\" data-id=\"74f9dbda\" data-element_type=\"section\">\n\t\t\t\t\t\t<div class=\"elementor-container elementor-column-gap-default\">\n\t\t\t\t\t<div class=\"elementor-column elementor-col-100 elementor-top-column elementor-element elementor-element-5e624b0c\" data-id=\"5e624b0c\" data-element_type=\"column\">\n\t\t\t<div class=\"elementor-widget-wrap elementor-element-populated\">\n\t\t\t\t\t\t<div class=\"elementor-element elementor-element-7f779690 elementor-widget elementor-widget-text-editor\" data-id=\"7f779690\" data-element_type=\"widget\" data-widget_type=\"text-editor.default\">\n\t\t\t\t<div class=\"elementor-widget-container\">\n\t\t\t\t\t\t\t\t\t\n<h2 class=\"wp-block-heading\"><span style=\"color: #000000;\">Pol\u00edtica de Privacitat<\/span><\/h2>\n\n<h3>1. Protecci\u00f3 de dades de car\u00e0cter personal segons la LOPD<\/h3>\n\n<p class=\"translation-block\">Rafael Villarraso Boluda, amb NIF 48292262J (d'ara en avant, Pilaf Estudio), en aplicaci\u00f3 de la normativa vigent en mat\u00e8ria de protecci\u00f3 de dades de car\u00e0cter personal, informa que les dades personals que es recullen a trav\u00e9s dels <a href=\"https:\/\/www.pilafestudio.com\/val\/contacto\/\" target=\"_blank\" rel=\"noreferrer noopener\" aria-label=\"formularios (se abre en una nueva pesta\u00f1a)\">formularis<\/a> de pilafestudio.com, s'inclouen en els fitxers automatitzats espec\u00edfics d'usuaris dels serveis de Pilaf Estudi.<\/p>\n\n<p>La recollida i tractament automatitzat de les dades de car\u00e0cter personal t\u00e9 com a finalitat el manteniment de la relaci\u00f3 comercial i l'acompliment de tasques d'informaci\u00f3, formaci\u00f3 i assessorament.<\/p>\n\n<p>Aquestes dades \u00fanicament seran cedits a aquelles entitats que siguen necess\u00e0ries amb l'\u00fanic objectiu de donar compliment a la finalitat anteriorment exposada.<\/p>\n\n<p>Pilaf Estudio adopta les mesures necess\u00e0ries per a garantir la seguretat, integritat i confidencialitat de les dades conforme al que es disposa en el Reglament (UE) 2016\/679 del Parlament Europeu i del Consell, de 27 d'abril de 2016, relatiu a la protecci\u00f3 de les persones f\u00edsiques pel que fa al tractament de dades personals i a la lliure circulaci\u00f3 d'aquests.<\/p>\n\n<p>L'usuari podr\u00e0 en qualsevol moment exercitar els drets d'acc\u00e9s, oposici\u00f3, rectificaci\u00f3 i cancel\u00b7laci\u00f3 reconeguts en el citat Reglament (UE). L'exercici d'aquests drets pot realitzar-lo el propi usuari a trav\u00e9s d'email a: hola (@) pilafestudio.com o en l'adre\u00e7a: C\/Pare Ferran Alcina 1, 46870, Ontinyent (Val\u00e8ncia).<\/p>\n\n<p>L'usuari manifesta que totes les dades facilitades per ell s\u00f3n certs i correctes, i es compromet a mantindre'ls actualitzats, comunicant els canvis a hola (@) pilafestudio.com<\/p>\n\n<h3 class=\"wp-block-heading\">2. Amb quina finalitat tractarem les teues dades personals?<\/h3>\n\n<p>En Pilaf Estudio, tractarem les teues dades personals recaptades a *traves del lloc web pilafestudio.com, amb les seg\u00fcents finalitats:<\/p>\n\n<ul class=\"wp-block-list\">\n<li>En cas de contractaci\u00f3 dels b\u00e9ns i serveis oferits a trav\u00e9s de pilafestudio.com, per a mantindre la relaci\u00f3 contractual, aix\u00ed com la gesti\u00f3, administraci\u00f3, informaci\u00f3, prestaci\u00f3 i millora del servei.<\/li>\n<li class=\"translation-block\">Enviament d'informaci\u00f3 sol\u00b7licitada a trav\u00e9s dels formularis disposats en <a href=\"https:\/\/www.pilafestudio.com\/val\/contacto\/\" target=\"_self\">la p\u00e0gina de contacte<\/a>.<\/li>\n<li>Remetre butlletins (newsletters), aix\u00ed com comunicacions comercials de promocions i\/o publicitat de Pilaf Estudio i del sector.<\/li>\n<\/ul>\n\n<p class=\"translation-block\">Et recordem que pots oposar-te a l'enviament de comunicacions comercials per qualsevol via i en qualsevol moment, remetent un correu electr\u00f2nic a l'adre\u00e7a indicada anteriorment.\nEls camps d'aquests registres s\u00f3n d'emplenament obligatori, sent impossible realitzar les finalitats expressades si no s'aporten aqueixes dades.<\/p>\n\n<h3 class=\"wp-block-heading\">3. Per quant temps es conserven les dades personals recaptades?<\/h3>\n\n<p>Les dades personals proporcionades es conservaran mentre es mantinga la relaci\u00f3 comercial o no sol\u00b7licites la seua supressi\u00f3 i durant el termini pel qual pogueren derivar-se responsabilitats legals pels serveis prestats.<\/p>\n\n<h3 class=\"wp-block-heading\">4. Legitimaci\u00f3<\/h3>\n\n<p>El tractament de les teues dades es realitza amb les seg\u00fcents bases jur\u00eddiques que legitimen el mateix:<\/p>\n\n<ul class=\"wp-block-list\">\n<li>La sol\u00b7licitud d'informaci\u00f3 i\/o la contractaci\u00f3 dels serveis de Pilaf Estudio, els termes i les condicions del qual es posaran a la teua disposici\u00f3 en tot cas, de manera pr\u00e8via a una eventual contractaci\u00f3.<\/li>\n<li>El consentiment lliure, espec\u00edfic, informat i inequ\u00edvoc, en tant que t'informem posant a la teua disposici\u00f3 la present pol\u00edtica de privacitat, que despr\u00e9s de la lectura d'aquesta, en cas d'estar conforme, pots acceptar mitjan\u00e7ant una declaraci\u00f3 o una clara acci\u00f3 afirmativa, com el marcat d'una casella disposada a aquest efecte.<\/li>\n<\/ul>\n\n<p>En cas que no ens facilites les teues dades o ho faces de manera err\u00f2nia o incompleta, no podrem atendre la teua sol\u00b7licitud, resultant del tot impossible proporcionar-te la informaci\u00f3 sol\u00b7licitada o dur a terme la contractaci\u00f3 dels serveis.<\/p>\n\n<h3 class=\"wp-block-heading\">5. Destinataris<\/h3>\n\n<p>Les dades no es comunicaran a cap tercer ali\u00e9 a Pilaf Estudio, excepte obligaci\u00f3 legal. Pilaf Estudio ser\u00e0 l'encarregat directe de gestionar les dades.<\/p>\n\n<h3 class=\"wp-block-heading\">6. Dades recopilades per usuaris del servei<\/h3>\n\n<p>En els casos en qu\u00e8 l'usuari incloga fitxers amb dades de car\u00e0cter personal en els servidors d'allotjament compartit, Pilaf Estudio no es fa responsable de l'incompliment per part de l'usuari del *RGPD.<\/p>\n\n<h3 class=\"wp-block-heading\">7. Retenci\u00f3 de dades en conformitat a la *LSSI<\/h3>\n\n<p>Pilaf Estudio informa que, com a prestador de servei d'allotjament de dades i en virtut del que s'estableix en la Llei 34\/2002 d'11 de juliol de Serveis de la Societat de la Informaci\u00f3 i de Comer\u00e7 Electr\u00f2nic (*LSSI), ret\u00e9 per un per\u00edode m\u00e0xim de 12 mesos la informaci\u00f3 imprescindible per a identificar l'origen de les dades allotjades i el moment en qu\u00e8 es va iniciar la prestaci\u00f3 del servei. La retenci\u00f3 d'aquestes dades no afecta al secret de les comunicacions i nom\u00e9s podran ser utilitzats en el marc d'una investigaci\u00f3 criminal o per a la salvaguarda de la seguretat p\u00fablica, posant-se a la disposici\u00f3 dels jutges i\/o tribunals o del Ministeri que aix\u00ed els requerisca.<br \/>La comunicaci\u00f3 de dades a les Forces i Cossos de l'Estat es far\u00e0 en virtut al que es disposa en la normativa sobre protecci\u00f3 de dades personals.<\/p>\n\n<h3 class=\"wp-block-heading\">8. Drets de propietat intel\u00b7lectual<\/h3>\n\n<p class=\"translation-block\">Pilaf Estudio \u00e9s titular de tots els drets d'autor, propietat intel\u00b7lectual, industrial, \u00abknow-how\u00bb i quants altres drets guarden relaci\u00f3 amb els continguts del lloc web pilafestudio.com (excepte en aquells en els quals s'indica de manera expressa l'autoria i drets) i els serveis oferits en aquest, aix\u00ed com dels programes necessaris per a la seua implementaci\u00f3 i la informaci\u00f3 relacionada.\nNo es permet la reproducci\u00f3, publicaci\u00f3 i\/o \u00fas no estrictament privat dels continguts, totals o parcials, del lloc web pilafestudio.com sense el consentiment previ i per escrit.<\/p>\n\n<h3 class=\"wp-block-heading\">9. Comunicacions comercials<\/h3>\n\n<p class=\"translation-block\">En aplicaci\u00f3 de la *LSSI, Pilaf Estudio no enviar\u00e0 comunicacions publicit\u00e0ries o promocionals per correu electr\u00f2nic o un altre mitj\u00e0 de comunicaci\u00f3 electr\u00f2nica equivalent que pr\u00e8viament no hagueren sigut sol\u00b7licitades o expressament autoritzades pels destinataris d'aquestes.\nEn el cas d'usuaris amb els quals existisca una relaci\u00f3 contractual pr\u00e8via, Pilaf Estudio s\u00ed que est\u00e0 autoritzat a l'enviament de comunicacions comercials referents a productes o serveis de l'estudi que siguen similars als que inicialment van ser objecte de contractaci\u00f3 amb el client.\nEn tot cas, l'usuari, despr\u00e9s d'acreditar la seua identitat, podr\u00e0 sol\u00b7licitar que no se li fa\u00e7a arribar m\u00e9s informaci\u00f3 comercial a trav\u00e9s dels canals de contacte.<\/p>\n\t\t\t\t\t\t\t\t<\/div>\n\t\t\t\t<\/div>\n\t\t\t\t<div class=\"elementor-element elementor-element-05f75e7 elementor-widget elementor-widget-spacer\" data-id=\"05f75e7\" data-element_type=\"widget\" data-widget_type=\"spacer.default\">\n\t\t\t\t<div class=\"elementor-widget-container\">\n\t\t\t\t\t\t\t<div class=\"elementor-spacer\">\n\t\t\t<div class=\"elementor-spacer-inner\"><\/div>\n\t\t<\/div>\n\t\t\t\t\t\t<\/div>\n\t\t\t\t<\/div>\n\t\t\t\t\t<\/div>\n\t\t<\/div>\n\t\t\t\t\t<\/div>\n\t\t<\/section>\n\t\t\t\t<\/div>","protected":false},"excerpt":{"rendered":"<p>Pol\u00edtica de Privacidad Rafael Villarraso Boluda, con NIF 48292262J (en adelante, Pilaf Estudio), en aplicaci\u00f3n de la normativa vigente en materia de protecci\u00f3n de datos de car\u00e1cter personal, informa que los datos personales que se recogen a trav\u00e9s de los formularios de pilafestudio.com, se incluyen en los ficheros automatizados espec\u00edficos de usuarios de los serviciosde [&hellip;]<\/p>","protected":false},"author":1,"featured_media":0,"parent":0,"menu_order":0,"comment_status":"closed","ping_status":"closed","template":"","meta":{"_sitemap_exclude":false,"_sitemap_priority":"","_sitemap_frequency":"","footnotes":""},"class_list":["post-2462","page","type-page","status-publish","hentry"],"yoast_head":"<!-- This site is optimized with the Yoast SEO plugin v25.9 - https:\/\/yoast.com\/wordpress\/plugins\/seo\/ -->\n<title>Pol\u00edtica de Privacidad - Pilaf Estudio<\/title>\n<meta name=\"robots\" content=\"index, follow, max-snippet:-1, max-image-preview:large, max-video-preview:-1\" \/>\n<link rel=\"canonical\" href=\"https:\/\/www.pilafestudio.com\/val\/politica-de-privacidad\/\" \/>\n<meta property=\"og:locale\" content=\"ca_ES\" \/>\n<meta property=\"og:type\" content=\"article\" \/>\n<meta property=\"og:title\" content=\"Pol\u00edtica de Privacidad - Pilaf Estudio\" \/>\n<meta property=\"og:description\" content=\"Pol\u00edtica de Privacidad Rafael Villarraso Boluda, con NIF 48292262J (en adelante, Pilaf Estudio), en aplicaci\u00f3n de la normativa vigente en materia de protecci\u00f3n de datos de car\u00e1cter personal, informa que los datos personales que se recogen a trav\u00e9s de los formularios de pilafestudio.com, se incluyen en los ficheros automatizados espec\u00edficos de usuarios de los serviciosde [&hellip;]\" \/>\n<meta property=\"og:url\" content=\"https:\/\/www.pilafestudio.com\/val\/politica-de-privacidad\/\" \/>\n<meta property=\"og:site_name\" content=\"Pilaf Estudio\" \/>\n<meta property=\"article:modified_time\" content=\"2022-11-17T08:40:24+00:00\" \/>\n<meta name=\"twitter:card\" content=\"summary_large_image\" \/>\n<meta name=\"twitter:label1\" content=\"Temps estimat de lectura\" \/>\n\t<meta name=\"twitter:data1\" content=\"5 minuts\" \/>\n<script type=\"application\/ld+json\" class=\"yoast-schema-graph\">{\"@context\":\"https:\/\/schema.org\",\"@graph\":[{\"@type\":\"WebPage\",\"@id\":\"https:\/\/www.pilafestudio.com\/politica-de-privacidad\/\",\"url\":\"https:\/\/www.pilafestudio.com\/politica-de-privacidad\/\",\"name\":\"Pol\u00edtica de Privacidad - Pilaf Estudio\",\"isPartOf\":{\"@id\":\"https:\/\/www.pilafestudio.com\/#website\"},\"datePublished\":\"2020-01-20T16:46:20+00:00\",\"dateModified\":\"2022-11-17T08:40:24+00:00\",\"breadcrumb\":{\"@id\":\"https:\/\/www.pilafestudio.com\/politica-de-privacidad\/#breadcrumb\"},\"inLanguage\":\"ca\",\"potentialAction\":[{\"@type\":\"ReadAction\",\"target\":[\"https:\/\/www.pilafestudio.com\/politica-de-privacidad\/\"]}]},{\"@type\":\"BreadcrumbList\",\"@id\":\"https:\/\/www.pilafestudio.com\/politica-de-privacidad\/#breadcrumb\",\"itemListElement\":[{\"@type\":\"ListItem\",\"position\":1,\"name\":\"Portada\",\"item\":\"https:\/\/www.pilafestudio.com\/\"},{\"@type\":\"ListItem\",\"position\":2,\"name\":\"Pol\u00edtica de Privacidad\"}]},{\"@type\":\"WebSite\",\"@id\":\"https:\/\/www.pilafestudio.com\/#website\",\"url\":\"https:\/\/www.pilafestudio.com\/\",\"name\":\"Pilaf Estudio\",\"description\":\"Dise\u00f1o Web a Medida\",\"publisher\":{\"@id\":\"https:\/\/www.pilafestudio.com\/#\/schema\/person\/7eaac3fb2ccdb71db8ed1a4115fd4cbf\"},\"potentialAction\":[{\"@type\":\"SearchAction\",\"target\":{\"@type\":\"EntryPoint\",\"urlTemplate\":\"https:\/\/www.pilafestudio.com\/?s={search_term_string}\"},\"query-input\":{\"@type\":\"PropertyValueSpecification\",\"valueRequired\":true,\"valueName\":\"search_term_string\"}}],\"inLanguage\":\"ca\"},{\"@type\":[\"Person\",\"Organization\"],\"@id\":\"https:\/\/www.pilafestudio.com\/#\/schema\/person\/7eaac3fb2ccdb71db8ed1a4115fd4cbf\",\"name\":\"Rafa Villarraso\",\"image\":{\"@type\":\"ImageObject\",\"inLanguage\":\"ca\",\"@id\":\"https:\/\/www.pilafestudio.com\/#\/schema\/person\/image\/\",\"url\":\"https:\/\/www.pilafestudio.com\/wp-content\/uploads\/2019\/06\/RafaRigP.gif\",\"contentUrl\":\"https:\/\/www.pilafestudio.com\/wp-content\/uploads\/2019\/06\/RafaRigP.gif\",\"width\":200,\"height\":200,\"caption\":\"Rafa Villarraso\"},\"logo\":{\"@id\":\"https:\/\/www.pilafestudio.com\/#\/schema\/person\/image\/\"}}]}<\/script>\n<!-- \/ Yoast SEO plugin. -->","yoast_head_json":{"title":"Pol\u00edtica de Privacidad - Pilaf Estudio","robots":{"index":"index","follow":"follow","max-snippet":"max-snippet:-1","max-image-preview":"max-image-preview:large","max-video-preview":"max-video-preview:-1"},"canonical":"https:\/\/www.pilafestudio.com\/val\/politica-de-privacidad\/","og_locale":"ca_ES","og_type":"article","og_title":"Pol\u00edtica de Privacidad - Pilaf Estudio","og_description":"Pol\u00edtica de Privacidad Rafael Villarraso Boluda, con NIF 48292262J (en adelante, Pilaf Estudio), en aplicaci\u00f3n de la normativa vigente en materia de protecci\u00f3n de datos de car\u00e1cter personal, informa que los datos personales que se recogen a trav\u00e9s de los formularios de pilafestudio.com, se incluyen en los ficheros automatizados espec\u00edficos de usuarios de los serviciosde [&hellip;]","og_url":"https:\/\/www.pilafestudio.com\/val\/politica-de-privacidad\/","og_site_name":"Pilaf Estudio","article_modified_time":"2022-11-17T08:40:24+00:00","twitter_card":"summary_large_image","twitter_misc":{"Temps estimat de lectura":"5 minuts"},"schema":{"@context":"https:\/\/schema.org","@graph":[{"@type":"WebPage","@id":"https:\/\/www.pilafestudio.com\/politica-de-privacidad\/","url":"https:\/\/www.pilafestudio.com\/politica-de-privacidad\/","name":"Pol\u00edtica de Privacidad - Pilaf Estudio","isPartOf":{"@id":"https:\/\/www.pilafestudio.com\/#website"},"datePublished":"2020-01-20T16:46:20+00:00","dateModified":"2022-11-17T08:40:24+00:00","breadcrumb":{"@id":"https:\/\/www.pilafestudio.com\/politica-de-privacidad\/#breadcrumb"},"inLanguage":"ca","potentialAction":[{"@type":"ReadAction","target":["https:\/\/www.pilafestudio.com\/politica-de-privacidad\/"]}]},{"@type":"BreadcrumbList","@id":"https:\/\/www.pilafestudio.com\/politica-de-privacidad\/#breadcrumb","itemListElement":[{"@type":"ListItem","position":1,"name":"Portada","item":"https:\/\/www.pilafestudio.com\/"},{"@type":"ListItem","position":2,"name":"Pol\u00edtica de Privacidad"}]},{"@type":"WebSite","@id":"https:\/\/www.pilafestudio.com\/#website","url":"https:\/\/www.pilafestudio.com\/","name":"Pilaf Estudio","description":"Dise\u00f1o Web a Medida","publisher":{"@id":"https:\/\/www.pilafestudio.com\/#\/schema\/person\/7eaac3fb2ccdb71db8ed1a4115fd4cbf"},"potentialAction":[{"@type":"SearchAction","target":{"@type":"EntryPoint","urlTemplate":"https:\/\/www.pilafestudio.com\/?s={search_term_string}"},"query-input":{"@type":"PropertyValueSpecification","valueRequired":true,"valueName":"search_term_string"}}],"inLanguage":"ca"},{"@type":["Person","Organization"],"@id":"https:\/\/www.pilafestudio.com\/#\/schema\/person\/7eaac3fb2ccdb71db8ed1a4115fd4cbf","name":"Rafa Villarraso","image":{"@type":"ImageObject","inLanguage":"ca","@id":"https:\/\/www.pilafestudio.com\/#\/schema\/person\/image\/","url":"https:\/\/www.pilafestudio.com\/wp-content\/uploads\/2019\/06\/RafaRigP.gif","contentUrl":"https:\/\/www.pilafestudio.com\/wp-content\/uploads\/2019\/06\/RafaRigP.gif","width":200,"height":200,"caption":"Rafa Villarraso"},"logo":{"@id":"https:\/\/www.pilafestudio.com\/#\/schema\/person\/image\/"}}]}},"_links":{"self":[{"href":"https:\/\/www.pilafestudio.com\/val\/wp-json\/wp\/v2\/pages\/2462","targetHints":{"allow":["GET"]}}],"collection":[{"href":"https:\/\/www.pilafestudio.com\/val\/wp-json\/wp\/v2\/pages"}],"about":[{"href":"https:\/\/www.pilafestudio.com\/val\/wp-json\/wp\/v2\/types\/page"}],"author":[{"embeddable":true,"href":"https:\/\/www.pilafestudio.com\/val\/wp-json\/wp\/v2\/users\/1"}],"replies":[{"embeddable":true,"href":"https:\/\/www.pilafestudio.com\/val\/wp-json\/wp\/v2\/comments?post=2462"}],"version-history":[{"count":15,"href":"https:\/\/www.pilafestudio.com\/val\/wp-json\/wp\/v2\/pages\/2462\/revisions"}],"predecessor-version":[{"id":3922,"href":"https:\/\/www.pilafestudio.com\/val\/wp-json\/wp\/v2\/pages\/2462\/revisions\/3922"}],"wp:attachment":[{"href":"https:\/\/www.pilafestudio.com\/val\/wp-json\/wp\/v2\/media?parent=2462"}],"curies":[{"name":"wp","href":"https:\/\/api.w.org\/{rel}","templated":true}]}}